{"id":35,"date":"2026-03-29T16:50:47","date_gmt":"2026-03-29T16:50:47","guid":{"rendered":"https:\/\/java-pop.fr\/?page_id=35"},"modified":"2026-04-26T21:06:23","modified_gmt":"2026-04-26T21:06:23","slug":"la-java-pop-bar-musical-orleans-cocktails-jam-sessions-comedy-club","status":"publish","type":"page","link":"https:\/\/java-pop.fr\/ca\/","title":{"rendered":"La Java Pop | Bar de m\u00fasica, Orl\u00e9ans \u2014 C\u00f2ctels, sessions de jam i club de com\u00e8dia"},"content":{"rendered":"<div class=\"wp-block-cover alignfull\"><img loading=\"lazy\" decoding=\"async\" width=\"1536\" height=\"1024\" class=\"wp-block-cover__image-background wp-image-28 size-full\" alt=\"\" src=\"https:\/\/java-pop.fr\/wp-content\/uploads\/2026\/03\/java-pop-terrasse-nuit-pluie.jpg\" data-object-fit=\"cover\" srcset=\"https:\/\/java-pop.fr\/wp-content\/uploads\/2026\/03\/java-pop-terrasse-nuit-pluie.jpg 1536w, https:\/\/java-pop.fr\/wp-content\/uploads\/2026\/03\/java-pop-terrasse-nuit-pluie-300x200.jpg 300w, https:\/\/java-pop.fr\/wp-content\/uploads\/2026\/03\/java-pop-terrasse-nuit-pluie-1024x683.jpg 1024w, https:\/\/java-pop.fr\/wp-content\/uploads\/2026\/03\/java-pop-terrasse-nuit-pluie-768x512.jpg 768w\" sizes=\"auto, (max-width: 1536px) 100vw, 1536px\" \/><span aria-hidden=\"true\" class=\"wp-block-cover__background has-background-dim-100 has-background-dim wp-block-cover__gradient-background has-background-gradient\" style=\"background:linear-gradient(180deg,rgb(0,0,0) 0%,rgba(255,255,255,0) 40%,rgb(0,0,0) 97%)\"><\/span><div class=\"wp-block-cover__inner-container has-global-padding is-layout-constrained wp-block-cover-is-layout-constrained\"><h1 class=\"wp-block-post-title\">La Java Pop | Bar de m\u00fasica, Orl\u00e9ans \u2014 C\u00f2ctels, sessions de jam i club de com\u00e8dia<\/h1>\n\n\n<p>C\u00f2ctels exclusius, sessions de jam en directe i una atmosfera \u00edntima al cor del centre hist\u00f2ric d'Orleans.<\/p>\n<\/div><\/div>\n\n\n\n<p>Benvinguts a La Java Pop, el vostre bar de m\u00fasica al cor d'Orl\u00e9ans. Amagat al n\u00famero 45 de Rue de la Charpenterie, al nucli antic, La Java Pop \u00e9s molt m\u00e9s que un bar de c\u00f2ctels: \u00e9s un local animat on la m\u00fasica, l'humor i una atmosfera acollidora es combinen cada setmana.<\/p>\n\n\n\n<p>Una atmosfera acollidora, un so curosament seleccionat i c\u00f2ctels casolans \u2014 la gent ve aqu\u00ed per viure l'experi\u00e8ncia. Tant si busques una copa amb amics en un ambient \u00edntim com una nit animada al ritme d'una sessi\u00f3 de jam, La Java Pop et d\u00f3na la benvinguda.<\/p>\n\n\n\n<h2 class=\"wp-block-heading\">El Java Jam \u2014 diumenges al vespre<\/h2>\n\n\n\n<p>Gaireb\u00e9 cada diumenge, La Java Pop pren vida amb el <strong>Java Jam<\/strong> : una sessi\u00f3 oberta on m\u00fasics amateurs, professionals i aficionats es reuneixen, intercanvien idees i improvisen junts sobre l'escenari.<\/p>\n\n\n\n<figure class=\"wp-block-image size-large has-custom-border is-style-default\"><img loading=\"lazy\" decoding=\"async\" width=\"1024\" height=\"768\" src=\"https:\/\/java-pop.fr\/wp-content\/uploads\/2026\/04\/Jam-Java-Pop-1024x768.jpg\" alt=\"\" class=\"wp-image-66\" style=\"border-top-left-radius:16px;border-top-right-radius:16px;border-bottom-left-radius:16px;border-bottom-right-radius:16px;aspect-ratio:16\/9;object-fit:cover\" srcset=\"https:\/\/java-pop.fr\/wp-content\/uploads\/2026\/04\/Jam-Java-Pop-1024x768.jpg 1024w, https:\/\/java-pop.fr\/wp-content\/uploads\/2026\/04\/Jam-Java-Pop-300x225.jpg 300w, https:\/\/java-pop.fr\/wp-content\/uploads\/2026\/04\/Jam-Java-Pop-768x576.jpg 768w, https:\/\/java-pop.fr\/wp-content\/uploads\/2026\/04\/Jam-Java-Pop-1536x1152.jpg 1536w, https:\/\/java-pop.fr\/wp-content\/uploads\/2026\/04\/Jam-Java-Pop-2048x1536.jpg 2048w, https:\/\/java-pop.fr\/wp-content\/uploads\/2026\/04\/Jam-Java-Pop-16x12.jpg 16w\" sizes=\"auto, (max-width: 1024px) 100vw, 1024px\" \/><\/figure>\n\n\n\n<p>Sense llista de can\u00e7ons, sense barreres \u2014 nom\u00e9s l'alegria de tocar i compartir. El Java Jam \u00e9s el cor i l'\u00e0nima de La Java Pop. Vine a escoltar, vine a tocar, vine a entrar en l'esperit de la cosa.<\/p>\n\n\n\n<h2 class=\"wp-block-heading\">Club de Com\u00e8dia i Esdeveniments<\/h2>\n\n\n\n<p>L'energia de La Java Pop no es limita a la m\u00fasica. El bar acull regularment el seu <strong>Club de Com\u00e8dia<\/strong> : nits d'improvisaci\u00f3 c\u00f2mica on el riure \u00e9s el m\u00e9s important.<\/p>\n\n\n\n<p>Des de sessions de jam i nits de com\u00e8dia fins a vetllades tem\u00e0tiques, sempre hi ha alguna cosa en marxa a La Java Pop. Segueix-nos a les xarxes socials per no perdre't res!<\/p>\n\n\n\n<ul class=\"wp-block-social-links has-large-icon-size is-content-justification-center is-layout-flex wp-container-core-social-links-is-layout-a89b3969 wp-block-social-links-is-layout-flex\"><li class=\"wp-social-link wp-social-link-facebook  wp-block-social-link\"><a href=\"https:\/\/www.facebook.com\/p\/La-Java-Pop-100063662165255\/\" class=\"wp-block-social-link-anchor\"><svg width=\"24\" height=\"24\" viewbox=\"0 0 24 24\" version=\"1.1\" xmlns=\"http:\/\/www.w3.org\/2000\/svg\" aria-hidden=\"true\" focusable=\"false\"><path d=\"M12 2C6.5 2 2 6.5 2 12c0 5 3.7 9.1 8.4 9.9v-7H7.9V12h2.5V9.8c0-2.5 1.5-3.9 3.8-3.9 1.1 0 2.2.2 2.2.2v2.5h-1.3c-1.2 0-1.6.8-1.6 1.6V12h2.8l-.4 2.9h-2.3v7C18.3 21.1 22 17 22 12c0-5.5-4.5-10-10-10z\"><\/path><\/svg><span class=\"wp-block-social-link-label screen-reader-text\">Facebook<\/span><\/a><\/li>\n\n<li class=\"wp-social-link wp-social-link-instagram  wp-block-social-link\"><a href=\"https:\/\/www.instagram.com\/java_pop_orleans\/\" class=\"wp-block-social-link-anchor\"><svg width=\"24\" height=\"24\" viewbox=\"0 0 24 24\" version=\"1.1\" xmlns=\"http:\/\/www.w3.org\/2000\/svg\" aria-hidden=\"true\" focusable=\"false\"><path d=\"M12,4.622c2.403,0,2.688,0.009,3.637,0.052c0.877,0.04,1.354,0.187,1.671,0.31c0.42,0.163,0.72,0.358,1.035,0.673 c0.315,0.315,0.51,0.615,0.673,1.035c0.123,0.317,0.27,0.794,0.31,1.671c0.043,0.949,0.052,1.234,0.052,3.637 s-0.009,2.688-0.052,3.637c-0.04,0.877-0.187,1.354-0.31,1.671c-0.163,0.42-0.358,0.72-0.673,1.035 c-0.315,0.315-0.615,0.51-1.035,0.673c-0.317,0.123-0.794,0.27-1.671,0.31c-0.949,0.043-1.233,0.052-3.637,0.052 s-2.688-0.009-3.637-0.052c-0.877-0.04-1.354-0.187-1.671-0.31c-0.42-0.163-0.72-0.358-1.035-0.673 c-0.315-0.315-0.51-0.615-0.673-1.035c-0.123-0.317-0.27-0.794-0.31-1.671C4.631,14.688,4.622,14.403,4.622,12 s0.009-2.688,0.052-3.637c0.04-0.877,0.187-1.354,0.31-1.671c0.163-0.42,0.358-0.72,0.673-1.035 c0.315-0.315,0.615-0.51,1.035-0.673c0.317-0.123,0.794-0.27,1.671-0.31C9.312,4.631,9.597,4.622,12,4.622 M12,3 C9.556,3,9.249,3.01,8.289,3.054C7.331,3.098,6.677,3.25,6.105,3.472C5.513,3.702,5.011,4.01,4.511,4.511 c-0.5,0.5-0.808,1.002-1.038,1.594C3.25,6.677,3.098,7.331,3.054,8.289C3.01,9.249,3,9.556,3,12c0,2.444,0.01,2.751,0.054,3.711 c0.044,0.958,0.196,1.612,0.418,2.185c0.23,0.592,0.538,1.094,1.038,1.594c0.5,0.5,1.002,0.808,1.594,1.038 c0.572,0.222,1.227,0.375,2.185,0.418C9.249,20.99,9.556,21,12,21s2.751-0.01,3.711-0.054c0.958-0.044,1.612-0.196,2.185-0.418 c0.592-0.23,1.094-0.538,1.594-1.038c0.5-0.5,0.808-1.002,1.038-1.594c0.222-0.572,0.375-1.227,0.418-2.185 C20.99,14.751,21,14.444,21,12s-0.01-2.751-0.054-3.711c-0.044-0.958-0.196-1.612-0.418-2.185c-0.23-0.592-0.538-1.094-1.038-1.594 c-0.5-0.5-1.002-0.808-1.594-1.038c-0.572-0.222-1.227-0.375-2.185-0.418C14.751,3.01,14.444,3,12,3L12,3z M12,7.378 c-2.552,0-4.622,2.069-4.622,4.622S9.448,16.622,12,16.622s4.622-2.069,4.622-4.622S14.552,7.378,12,7.378z M12,15 c-1.657,0-3-1.343-3-3s1.343-3,3-3s3,1.343,3,3S13.657,15,12,15z M16.804,6.116c-0.596,0-1.08,0.484-1.08,1.08 s0.484,1.08,1.08,1.08c0.596,0,1.08-0.484,1.08-1.08S17.401,6.116,16.804,6.116z\"><\/path><\/svg><span class=\"wp-block-social-link-label screen-reader-text\">Instagram<\/span><\/a><\/li><\/ul>\n\n\n\n<h2 class=\"wp-block-heading\">Els nostres c\u00f2ctels exclusius<\/h2>\n\n\n\n<p>Al bar de La Java Pop, cada got explica una hist\u00f2ria.<\/p>\n\n\n\n<p><strong>Punch de la casa<\/strong> \u2014 El nostre producte ins\u00edgnia. Elaborat a la perfecci\u00f3, \u00e9s l'elecci\u00f3 perfecta per a una vetllada relaxada amb amics.<\/p>\n\n\n\n<div class=\"wp-block-columns are-vertically-aligned-center is-layout-flex wp-container-core-columns-is-layout-28f84493 wp-block-columns-is-layout-flex\">\n<div class=\"wp-block-column is-vertically-aligned-center is-layout-flow wp-block-column-is-layout-flow\">\n<figure class=\"wp-block-image size-full\"><img loading=\"lazy\" decoding=\"async\" width=\"957\" height=\"957\" src=\"https:\/\/java-pop.fr\/wp-content\/uploads\/2026\/04\/Java-Squal.webp\" alt=\"\" class=\"wp-image-71\" srcset=\"https:\/\/java-pop.fr\/wp-content\/uploads\/2026\/04\/Java-Squal.webp 957w, https:\/\/java-pop.fr\/wp-content\/uploads\/2026\/04\/Java-Squal-300x300.webp 300w, https:\/\/java-pop.fr\/wp-content\/uploads\/2026\/04\/Java-Squal-150x150.webp 150w, https:\/\/java-pop.fr\/wp-content\/uploads\/2026\/04\/Java-Squal-768x768.webp 768w, https:\/\/java-pop.fr\/wp-content\/uploads\/2026\/04\/Java-Squal-12x12.webp 12w\" sizes=\"auto, (max-width: 957px) 100vw, 957px\" \/><\/figure>\n<\/div>\n\n\n\n<div class=\"wp-block-column is-vertically-aligned-center is-layout-flow wp-block-column-is-layout-flow\">\n<p><strong>La tempesta<\/strong> \u2014 Un c\u00f2ctel de foc, literalment. Espectacular i potent, l'Squall posar\u00e0 foc a les vostres nits tant com a les vostres papil\u00b7les gustatives. Una experi\u00e8ncia obligada, almenys una vegada.<\/p>\n<\/div>\n<\/div>\n\n\n\n<p>I, per descomptat, un men\u00fa de c\u00f2ctels creatius, dissenyat per complementar cada moment de la vostra vetllada.<\/p>\n\n\n\n<div class=\"wp-block-buttons is-layout-flex wp-block-buttons-is-layout-flex\">\n<div class=\"wp-block-button\"><a class=\"wp-block-button__link wp-element-button\" href=\"\/ca\/mapa\/\">Veure el mapa<\/a><\/div>\n<\/div>\n\n\n\n<h2 class=\"wp-block-heading\">So excepcional<\/h2>\n\n\n\n<p>El que et sorpr\u00e8n tan bon punt entres a La Java Pop \u00e9s el so. Un sistema de so professional, una llista de reproducci\u00f3 curosament seleccionada i, sobretot, un <strong>tractament ac\u00fastic<\/strong> Dissenyat pensant en la teva comoditat: la m\u00fasica sona de meravella aqu\u00ed i pots xerrar sense haver d'al\u00e7ar la veu.<\/p>\n\n\n\n<p>Un bar de m\u00fasica on realment us podeu sentir parlar els uns als altres \u2014 aix\u00f2 \u00e9s rar, i ho trobareu aqu\u00ed.<\/p>\n\n\n\n<h2 class=\"wp-block-heading\">Paco \u2014 L'esperit del lloc<\/h2>\n\n\n\n<div class=\"wp-block-columns are-vertically-aligned-center is-layout-flex wp-container-core-columns-is-layout-28f84493 wp-block-columns-is-layout-flex\">\n<div class=\"wp-block-column is-vertically-aligned-center is-layout-flow wp-block-column-is-layout-flow\" style=\"flex-basis:50%\">\n<figure class=\"wp-block-image size-large has-custom-border\"><img loading=\"lazy\" decoding=\"async\" width=\"768\" height=\"1024\" src=\"https:\/\/java-pop.fr\/wp-content\/uploads\/2026\/04\/Paco-Java-Pop-768x1024.jpg\" alt=\"\" class=\"wp-image-65\" style=\"border-top-left-radius:16px;border-top-right-radius:16px;border-bottom-left-radius:16px;border-bottom-right-radius:16px\" srcset=\"https:\/\/java-pop.fr\/wp-content\/uploads\/2026\/04\/Paco-Java-Pop-768x1024.jpg 768w, https:\/\/java-pop.fr\/wp-content\/uploads\/2026\/04\/Paco-Java-Pop-225x300.jpg 225w, https:\/\/java-pop.fr\/wp-content\/uploads\/2026\/04\/Paco-Java-Pop-1152x1536.jpg 1152w, https:\/\/java-pop.fr\/wp-content\/uploads\/2026\/04\/Paco-Java-Pop-1536x2048.jpg 1536w, https:\/\/java-pop.fr\/wp-content\/uploads\/2026\/04\/Paco-Java-Pop-9x12.jpg 9w, https:\/\/java-pop.fr\/wp-content\/uploads\/2026\/04\/Paco-Java-Pop-scaled.jpg 1920w\" sizes=\"auto, (max-width: 768px) 100vw, 768px\" \/><\/figure>\n<\/div>\n\n\n\n<div class=\"wp-block-column is-vertically-aligned-center is-layout-flow wp-block-column-is-layout-flow\" style=\"flex-basis:50%\">\n<p>Darrere de La Java Pop hi ha en Paco. Un m\u00fasic, cantant i saxofonista ocasional, i sobretot un apassionat de la m\u00fasica i la cultura en totes les seves formes.<\/p>\n\n\n\n<p>La seva ambici\u00f3 \u00e9s posar Orl\u00e9ans al mapa oferint als habitants de la ciutat un espai \u00fanic: una escapada sensorial on la gent hi va tant pels c\u00f2ctels com per l'ambient. No us sorprengui si, una nit, ell mateix puja a l'escenari.<\/p>\n<\/div>\n<\/div>\n\n\n\n<h2 class=\"wp-block-heading\">Ubicaci\u00f3 \/ Com arribar-hi<\/h2>\n\n\n\n<p><strong>45 Rue de la Charpenterie, 45000 Orl\u00e9ans<\/strong><\/p>\n\n\n\n<p>Just al cor d'Orl\u00e9ans, al barri hist\u00f2ric, al costat del cinema Path\u00e9 i a un tir de pedra de la Place de la Loire. Tant si v\u00e9ns a peu, amb tramvia o amb bicicleta, \u00e9s f\u00e0cil arribar a La Java Pop.<\/p>\n\n\n\n<hr class=\"wp-block-separator has-alpha-channel-opacity\"\/>\n\n\n\n<p>T'apetes un punch, una sessi\u00f3 de jam o simplement un lloc on gaudir d'una gran nit a Orl\u00e9ans? Passa per La Java Pop!<\/p>","protected":false},"excerpt":{"rendered":"<p>Bienvenue \u00e0 La Java Pop, votre bar musical au c\u0153ur d&rsquo;Orl\u00e9ans. Nich\u00e9 au 45 rue de la Charpenterie, dans le centre ancien, La Java Pop est bien plus qu&rsquo;un simple bar \u00e0 cocktails : c&rsquo;est un lieu vivant o\u00f9 la musique, l&rsquo;humour et la convivialit\u00e9 se retrouvent chaque semaine. Ambiance cosy, acoustique travaill\u00e9e, cocktails faits [&hellip;]<\/p>\n","protected":false},"author":1,"featured_media":20,"parent":0,"menu_order":0,"comment_status":"closed","ping_status":"closed","template":"page-no-title","meta":{"footnotes":""},"class_list":["post-35","page","type-page","status-publish","has-post-thumbnail","hentry"],"_links":{"self":[{"href":"https:\/\/java-pop.fr\/ca\/wp-json\/wp\/v2\/pages\/35","targetHints":{"allow":["GET"]}}],"collection":[{"href":"https:\/\/java-pop.fr\/ca\/wp-json\/wp\/v2\/pages"}],"about":[{"href":"https:\/\/java-pop.fr\/ca\/wp-json\/wp\/v2\/types\/page"}],"author":[{"embeddable":true,"href":"https:\/\/java-pop.fr\/ca\/wp-json\/wp\/v2\/users\/1"}],"replies":[{"embeddable":true,"href":"https:\/\/java-pop.fr\/ca\/wp-json\/wp\/v2\/comments?post=35"}],"version-history":[{"count":12,"href":"https:\/\/java-pop.fr\/ca\/wp-json\/wp\/v2\/pages\/35\/revisions"}],"predecessor-version":[{"id":92,"href":"https:\/\/java-pop.fr\/ca\/wp-json\/wp\/v2\/pages\/35\/revisions\/92"}],"wp:featuredmedia":[{"embeddable":true,"href":"https:\/\/java-pop.fr\/ca\/wp-json\/wp\/v2\/media\/20"}],"wp:attachment":[{"href":"https:\/\/java-pop.fr\/ca\/wp-json\/wp\/v2\/media?parent=35"}],"curies":[{"name":"wp","href":"https:\/\/api.w.org\/{rel}","templated":true}]}}